{"id":19238,"date":"2022-02-24T19:19:30","date_gmt":"2022-02-24T19:19:30","guid":{"rendered":"https:\/\/floracarpet.eu\/veri-koruma\/"},"modified":"2024-01-09T09:26:49","modified_gmt":"2024-01-09T09:26:49","slug":"veri-koruma","status":"publish","type":"page","link":"https:\/\/floracarpet.eu\/tr\/veri-koruma\/","title":{"rendered":"Veri koruma"},"content":{"rendered":"\n<p>A\u015fa\u011f\u0131da aksi belirtilmedik\u00e7e, ki\u015fisel verilerinizin sa\u011flanmas\u0131 yasa veya s\u00f6zle\u015fme gere\u011fi gerekli de\u011fildir ve bir s\u00f6zle\u015fmenin imzalanmas\u0131 i\u00e7in gerekli de\u011fildir. Verileri sa\u011flamak zorunda de\u011filsiniz. Sa\u011flanmamas\u0131n\u0131n hi\u00e7bir sonucu yoktur. Bu, yaln\u0131zca sonraki i\u015fleme faaliyetlerinde ba\u015fka hi\u00e7bir bilgi sa\u011flanmad\u0131\u011f\u0131 takdirde ge\u00e7erlidir.<\/p>\n\n<p>&#8220;Ki\u015fisel veri&#8221;, kimli\u011fi belirli veya belirlenebilir bir ger\u00e7ek ki\u015fiye ili\u015fkin her t\u00fcrl\u00fc bilgi anlam\u0131na gelir.<\/p>\n\n<p><strong>Sunucu g\u00fcnl\u00fck dosyalar\u0131<\/strong><\/p>\n\n<p>Web sitemizi herhangi bir ki\u015fisel bilgi vermeden ziyaret edebilirsiniz.<\/p>\n\n<p>Web sitemize her eri\u015fti\u011finizde, kullan\u0131m verileri \u0130nternet taray\u0131c\u0131n\u0131z taraf\u0131ndan bize veya web bar\u0131nd\u0131r\u0131c\u0131m\u0131za \/ BT hizmet sa\u011flay\u0131c\u0131m\u0131za iletilir ve g\u00fcnl\u00fck verilerinde (sunucu g\u00fcnl\u00fck dosyalar\u0131 olarak adland\u0131r\u0131l\u0131r) saklan\u0131r. Bu saklanan veriler, \u00f6rne\u011fin, eri\u015filen sayfan\u0131n ad\u0131n\u0131, eri\u015fim tarihini ve saatini, IP adresini, aktar\u0131lan veri miktar\u0131n\u0131 ve talep eden sa\u011flay\u0131c\u0131y\u0131 i\u00e7erir. \u0130\u015fleme, Madde 6 paragraf\u0131 temelinde ger\u00e7ekle\u015ftirilir. 1. Madde f GDPR, web sitemizin sorunsuz \u00e7al\u0131\u015fmas\u0131n\u0131 sa\u011flama ve teklifimizi iyile\u015ftirme konusundaki \u00f6ncelikli me\u015fru menfaatimize dayanmaktad\u0131r.<\/p>\n\n<p><strong>\u0130leti\u015fim formunu kullan\u0131rken toplama ve i\u015fleme<\/strong><\/p>\n\n<p>\u0130leti\u015fim formunu kulland\u0131\u011f\u0131n\u0131zda, ki\u015fisel verilerinizi (ad, e-posta adresi, mesaj metni) yaln\u0131zca sa\u011flad\u0131\u011f\u0131n\u0131z \u00f6l\u00e7\u00fcde toplar\u0131z. Veri i\u015fleme, ileti\u015fim kurma amac\u0131na hizmet eder. Mesaj\u0131n\u0131z\u0131 g\u00f6ndererek, iletilen verilerin i\u015flenmesine izin vermi\u015f olursunuz. \u0130\u015fleme, Madde 6 paragraf 1 madde. temelinde ger\u00e7ekle\u015ftirilir. sizin izninizle GDPR.<\/p>\n\n<p>Geri \u00e7ekilmeden \u00f6nce r\u0131zaya dayal\u0131 i\u015flemenin yasall\u0131\u011f\u0131n\u0131 etkilemeksizin bize bildirimde bulunarak r\u0131zan\u0131z\u0131 istedi\u011finiz zaman geri \u00e7ekebilirsiniz. E-posta adresinizi yaln\u0131zca talebinizi i\u015fleme koymak i\u00e7in kullanaca\u011f\u0131z. Verileriniz, daha sonra i\u015flenmesine ve kullan\u0131lmas\u0131na izin vermedi\u011finiz s\u00fcrece silinecektir.<\/p>\n\n<p><strong>Sipari\u015fler i\u00e7in ki\u015fisel verilerin toplanmas\u0131, i\u015flenmesi ve aktar\u0131lmas\u0131<\/strong><\/p>\n\n<p>Bir sipari\u015f verdi\u011finizde, ki\u015fisel verilerinizi yaln\u0131zca sipari\u015finizi yerine getirmek ve i\u015flemek ve sorular\u0131n\u0131z\u0131 i\u015fleme koymak i\u00e7in gerekli oldu\u011fu \u00f6l\u00e7\u00fcde toplar ve i\u015fleriz. Verilerin sa\u011flanmas\u0131 s\u00f6zle\u015fmenin imzalanmas\u0131 i\u00e7in gereklidir. Bunun yap\u0131lmamas\u0131, hi\u00e7bir s\u00f6zle\u015fmenin akdedilemeyece\u011fi anlam\u0131na gelir. \u0130\u015fleme, Madde 6 paragraf\u0131 temelinde ger\u00e7ekle\u015ftirilir. 1. Madde b GDPR ve sizinle yap\u0131lan bir s\u00f6zle\u015fmenin yerine getirilmesi i\u00e7in gereklidir.<\/p>\n\n<p>Verileriniz, \u00f6rne\u011fin, se\u00e7ti\u011finiz nakliye \u015firketlerine ve stoksuz sat\u0131\u015f sa\u011flay\u0131c\u0131lar\u0131na, \u00f6deme hizmeti sa\u011flay\u0131c\u0131lar\u0131na, sipari\u015f i\u015fleme hizmet sa\u011flay\u0131c\u0131lar\u0131na ve BT hizmet sa\u011flay\u0131c\u0131lar\u0131na aktar\u0131lacakt\u0131r. Her durumda, yasal gerekliliklere kesinlikle uyuyoruz. Veri aktar\u0131m\u0131n\u0131n kapsam\u0131 asgari d\u00fczeyde s\u0131n\u0131rl\u0131d\u0131r.<\/p>\n\n<p><strong>Al\u0131c\u0131 m\u00fchr\u00fc m\u00fc\u015fteri de\u011ferlendirmesi<\/strong><\/p>\n\n<p>Web sitemizde H\u00e4ndlerbund Management AG&#8217;nin (Torgauer Stra\u00dfe 233 B, 04347 Leipzig) K\u00e4ufersiegel m\u00fc\u015fteri derecelendirme arac\u0131n\u0131 kullan\u0131yoruz. Sipari\u015finizi verdikten sonra, sat\u0131n alma i\u015fleminizi de\u011ferlendirmenizi ve yorum yapman\u0131z\u0131 rica ediyoruz.<\/p>\n\n<p>Bu ama\u00e7la sizinle e-posta yoluyla ileti\u015fime ge\u00e7ece\u011fiz ve sipari\u015f i\u015fleme s\u00fcrecinin bir par\u00e7as\u0131 olarak al\u0131c\u0131n\u0131n m\u00fch\u00fcr de\u011ferlendirme arac\u0131n\u0131n sa\u011flay\u0131c\u0131s\u0131n\u0131n teknik sistemini kullanaca\u011f\u0131z.<\/p>\n\n<p>Verileriniz ya sizin r\u0131zan\u0131zla ya da me\u015fru menfaatimiz temelinde i\u015flenir.<\/p>\n\n<p>\u0130\u015fleme, Madde 6 paragraf 1 lit. temelinde ger\u00e7ekle\u015ftirilir. a De\u011ferlendirme talebini almaya a\u00e7\u0131k\u00e7a r\u0131za g\u00f6stermi\u015f olman\u0131z ko\u015fuluyla, r\u0131zan\u0131zla GDPR. Onay\u0131n\u0131z\u0131, iptal edilene kadar onay temelinde ger\u00e7ekle\u015ftirilen i\u015flemenin yasall\u0131\u011f\u0131n\u0131 etkilemeksizin, e-postadaki ilgili ba\u011flant\u0131y\u0131 kullanarak istedi\u011finiz zaman iptal edebilirsiniz. E-posta adresiniz daha sonra posta listesinden \u00e7\u0131kar\u0131lacakt\u0131r.<\/p>\n\n<p>A\u00e7\u0131k r\u0131za olmaks\u0131z\u0131n i\u015fleme, Madde 6 paragraf 1 lit. temelinde ger\u00e7ekle\u015ftirilir. f GDPR, do\u011frudan reklam ba\u011flam\u0131nda hizmetlerimizin do\u011fru, do\u011frulanm\u0131\u015f de\u011ferlendirmelerine y\u00f6nelik me\u015fru menfaatten. Bu ama\u00e7la, bizden daha \u00f6nce sat\u0131n alm\u0131\u015f oldu\u011funuz kendi mal veya hizmetlerimiz i\u00e7in elektronik bir de\u011ferlendirme talebi g\u00f6nderiyoruz. G\u00f6nderim, bir \u00fcr\u00fcn veya hizmet sat\u0131\u015f\u0131n\u0131n bir par\u00e7as\u0131 olarak sizden ald\u0131\u011f\u0131m\u0131z e-posta adresine yap\u0131l\u0131r. De\u011ferlendirme talebinin g\u00f6nderilmesi, e-posta adresinizin bu \u015fekilde kullan\u0131lmas\u0131na itiraz etmemi\u015f olman\u0131z \u015fart\u0131na ba\u011fl\u0131d\u0131r.<\/p>\n\n<p><strong>\u0130tiraz, bize bildirimde bulunmak suretiyle her zaman m\u00fcmk\u00fcnd\u00fcr. \u0130tiraz\u0131n\u0131z\u0131 kullanabilmeniz i\u00e7in gerekli ileti\u015fim bilgilerini yasal bildirimde bulabilirsiniz.<\/strong> De\u011ferlendirme talebinde verilen ba\u011flant\u0131y\u0131 da kullanabilirsiniz. Bu, temel tarifelere g\u00f6re iletim maliyetleri d\u0131\u015f\u0131nda herhangi bir maliyete neden olmaz.<\/p>\n\n<p>Al\u0131c\u0131n\u0131n m\u00fch\u00fcr de\u011ferlendirme arac\u0131n\u0131n teknik sisteminde bu ba\u011flamda saklanan ki\u015fisel veriler, de\u011ferlendirme i\u00e7in kaydedilen mallar\u0131n tesliminden 3 ay sonra silinecektir.<\/p>\n\n<p><strong>Harici bir mal y\u00f6netim sisteminin kullan\u0131lmas\u0131<\/strong><\/p>\n\n<p>Sipari\u015f i\u015flemenin bir par\u00e7as\u0131 olarak s\u00f6zle\u015fme i\u015fleme i\u00e7in bir \u00fcr\u00fcn y\u00f6netim sistemi kullan\u0131yoruz. Bu ama\u00e7la, sipari\u015fin bir par\u00e7as\u0131 olarak toplanan ki\u015fisel verileriniz a\u015fa\u011f\u0131daki adrese g\u00f6nderilecektir<\/p>\n\n<p>G\u00fcler Yaz\u0131l\u0131m, Breuershofstr. 40, 47807 Krefeld<\/p>\n\n<p>iletildi.<\/p>\n\n<p><strong>Depolama s\u00fcresi<\/strong><\/p>\n\n<p>S\u00f6zle\u015fme tamamen i\u015flendikten sonra, veriler ba\u015flang\u0131\u00e7ta garanti s\u00fcresi boyunca saklanacak, daha sonra \u00f6zellikle vergi ve ticaret hukuku kapsam\u0131nda yasal saklama s\u00fcrelerine uygun olarak saklanacak ve daha fazla i\u015fleme ve kullan\u0131ma izin vermedi\u011finiz s\u00fcrece s\u00fcrenin bitiminden sonra silinecektir.<\/p>\n\n<p><strong>Veri sahibinin haklar\u0131<\/strong><\/p>\n\n<p>Yasal gerekliliklerin kar\u015f\u0131lanmas\u0131 durumunda, GDPR Madde 15 ila 20 uyar\u0131nca a\u015fa\u011f\u0131daki haklara sahipsiniz: Bilgi alma, d\u00fczeltme, silme, i\u015flemenin k\u0131s\u0131tlanmas\u0131, veri ta\u015f\u0131nabilirli\u011fi hakk\u0131.<\/p>\n\n<p>Ayr\u0131ca, GDPR Madde 6 (1) f&#8217;ye dayanarak i\u015flemeye ve GDPR Madde 21 (1) uyar\u0131nca do\u011frudan pazarlama amac\u0131yla i\u015flemeye itiraz etme hakk\u0131na sahipsiniz.<\/p>\n\n<p>Talep \u00fczerine bizimle ileti\u015fime ge\u00e7in. \u0130leti\u015fim bilgilerini k\u00fcnyemizde bulabilirsiniz.<\/p>\n\n<p><strong>Denetim makam\u0131na \u015fikayette bulunma hakk\u0131<\/strong><\/p>\n\n<p>GDPR Madde 77 uyar\u0131nca, ki\u015fisel verilerinizin hukuka ayk\u0131r\u0131 olarak i\u015flendi\u011fini d\u00fc\u015f\u00fcn\u00fcyorsan\u0131z denetim makam\u0131na \u015fikayette bulunma hakk\u0131na sahipsiniz.<\/p>\n\n<p><strong>\u0130tiraz hakk\u0131<\/strong><\/p>\n\n<p>Burada listelenen ki\u015fisel veri i\u015fleme, Madde 6 paragraf\u0131 uyar\u0131nca me\u015fru menfaatimize dayan\u0131yorsa. 1. Madde f GDPR uyar\u0131nca, \u00f6zel durumunuzla ilgili gerek\u00e7elerle gelecekte ge\u00e7erli olmak \u00fczere istedi\u011finiz zaman bu i\u015flemeye itiraz etme hakk\u0131na sahipsiniz.<\/p>\n\n<p>Bir itiraz yap\u0131ld\u0131ktan sonra, ilgili verilerin i\u015flenmesi, \u00e7\u0131karlar\u0131n\u0131z\u0131, haklar\u0131n\u0131z\u0131 ve \u00f6zg\u00fcrl\u00fcklerinizi ge\u00e7ersiz k\u0131lan i\u015fleme i\u00e7in zorlay\u0131c\u0131 me\u015fru gerek\u00e7eler g\u00f6steremedi\u011fimiz veya i\u015flemenin yasal taleplerin olu\u015fturulmas\u0131, uygulanmas\u0131 veya savunulmas\u0131na hizmet etmesi durumunda sonland\u0131r\u0131lacakt\u0131r.<\/p>\n\n<p>Ki\u015fisel veriler do\u011frudan pazarlama amac\u0131yla i\u015fleniyorsa, bize bildirimde bulunarak istedi\u011finiz zaman bu i\u015flemeye itiraz edebilirsiniz. \u0130tiraz etti\u011finizde, ilgili verileri do\u011frudan pazarlama amac\u0131yla i\u015flemeyi durduraca\u011f\u0131z.<\/p>\n\n<p>son g\u00fcncelleme: 25\/04\/2018<\/p>\n","protected":false},"excerpt":{"rendered":"<p>A\u015fa\u011f\u0131da aksi belirtilmedik\u00e7e, ki\u015fisel verilerinizin sa\u011flanmas\u0131 yasa veya s\u00f6zle\u015fme gere\u011fi gerekli de\u011fildir ve bir s\u00f6zle\u015fmenin imzalanmas\u0131 i\u00e7in gerekli de\u011fildir. Verileri sa\u011flamak zorunda de\u011filsiniz. Sa\u011flanmamas\u0131n\u0131n hi\u00e7bir sonucu yoktur. Bu, yaln\u0131zca sonraki i\u015fleme faaliyetlerinde ba\u015fka hi\u00e7bir bilgi sa\u011flanmad\u0131\u011f\u0131 takdirde ge\u00e7erlidir. &#8220;Ki\u015fisel veri&#8221;, kimli\u011fi belirli veya belirlenebilir bir ger\u00e7ek ki\u015fiye ili\u015fkin her t\u00fcrl\u00fc bilgi anlam\u0131na gelir. Sunucu g\u00fcnl\u00fck [&hellip;]<\/p>\n","protected":false},"author":1,"featured_media":0,"parent":0,"menu_order":0,"comment_status":"closed","ping_status":"closed","template":"","meta":{"footnotes":""},"class_list":["post-19238","page","type-page","status-publish","hentry"],"_links":{"self":[{"href":"https:\/\/floracarpet.eu\/tr\/wp-json\/wp\/v2\/pages\/19238","targetHints":{"allow":["GET"]}}],"collection":[{"href":"https:\/\/floracarpet.eu\/tr\/wp-json\/wp\/v2\/pages"}],"about":[{"href":"https:\/\/floracarpet.eu\/tr\/wp-json\/wp\/v2\/types\/page"}],"author":[{"embeddable":true,"href":"https:\/\/floracarpet.eu\/tr\/wp-json\/wp\/v2\/users\/1"}],"replies":[{"embeddable":true,"href":"https:\/\/floracarpet.eu\/tr\/wp-json\/wp\/v2\/comments?post=19238"}],"version-history":[{"count":1,"href":"https:\/\/floracarpet.eu\/tr\/wp-json\/wp\/v2\/pages\/19238\/revisions"}],"predecessor-version":[{"id":19245,"href":"https:\/\/floracarpet.eu\/tr\/wp-json\/wp\/v2\/pages\/19238\/revisions\/19245"}],"wp:attachment":[{"href":"https:\/\/floracarpet.eu\/tr\/wp-json\/wp\/v2\/media?parent=19238"}],"curies":[{"name":"wp","href":"https:\/\/api.w.org\/{rel}","templated":true}]}}